{"id":1907,"date":"2025-07-27T21:07:48","date_gmt":"2025-07-27T19:07:48","guid":{"rendered":"https:\/\/lescaboteursdelune.fr\/?page_id=1907"},"modified":"2025-07-27T21:49:09","modified_gmt":"2025-07-27T19:49:09","slug":"campagne-ete-2025","status":"publish","type":"page","link":"https:\/\/lescaboteursdelune.fr\/index.php\/campagne-ete-2025\/","title":{"rendered":"Campagne \u00e9t\u00e9 2025"},"content":{"rendered":"\n<p>Cette ann\u00e9e, une campagne avec une brochure unique, mais des produits achemin\u00e9s par 4 bateaux diff\u00e9rents :<\/p>\n\n\n\n<ul class=\"wp-block-list\">\n<li>La Jeanne J : participant au rassemblement maritime \u00ab\u00a0La Semaine du Golfe\u00a0\u00bb au mois de mai, nous en avons profiter pour charger le bateau de produits de \u00ab\u00a0La Cidrerie du Golfe\u00a0\u00bb<\/li>\n\n\n\n<li>Lun II : venant \u00e0 Noirmoutier lors des R\u00e9gates du Bois de la Chaise du 9 au 11 ao\u00fbt, \u00ab\u00a0Les Fr\u00e8res de la C\u00f4te\u00a0\u00bb nous livreront rhums, mezcal et tablettes de chocolat<\/li>\n\n\n\n<li>Notre Dame des Flots : navire de La Rochelle, il participe \u00e0 \u00ab\u00a0La Grande Bord\u00e9e\u00a0\u00bb aux Sables d&rsquo;Olonne le week-end du 15 ao\u00fbt et nous apporteront du pineau et du cognac<\/li>\n\n\n\n<li>Grain de Sail I : remontant du Portugal, le bateau affr\u00e9t\u00e9 par \u00ab\u00a0Le Comptoir d&rsquo;Eole\u00a0\u00bb nous rapportera le reste des produits comme l&rsquo;huile d&rsquo;olive, des amandes, du porto et bien d&rsquo;autres bon produits. <\/li>\n<\/ul>\n\n\n\n<p>Vous retrouverez toutes les informations dans notre brochure disponible dans le lien ci-dessous :<\/p>\n\n\n\n<div class=\"wp-block-file aligncenter\"><a href=\"https:\/\/lescaboteursdelune.fr\/wp-content\/uploads\/2025\/07\/brochure2025.pdf\" class=\"wp-block-file__button wp-element-button\" download>Brochure 2025<\/a><\/div>\n\n\n\n<p class=\"has-text-align-center has-large-font-size\"><strong>Le 7 ao\u00fbt<\/strong><\/p>\n\n\n\n<p>Voil\u00e0 une date \u00e0 retenir car c\u2019est celle de&nbsp;la limite de pr\u00e9commande ! Et attention, certains produits sont disponibles en quantit\u00e9s limit\u00e9es : premier arriv\u00e9, premier servi \ud83d\ude09 !<\/p>\n\n\n\n<p>N\u2019oubliez pas que vous pouvez \u00e9galement retrouver les diff\u00e9rents lieux de commandes sur&nbsp;<a href=\"https:\/\/lescaboteursdelune.fr\/index.php\/carte\/\" target=\"_blank\" rel=\"noreferrer noopener\">notre carte<\/a>&nbsp;et ainsi commander m\u00eame si vous ne vivez pas les pieds dans l\u2019eau&nbsp;!<\/p>\n\n\n\n<p class=\"has-small-font-size\"><em>* Pour rappel, le principe est simple, nous proposons de mettre en relation deux ou plusieurs acheteurs.euses afin d\u2019organiser le covoiturage des marchandises command\u00e9es (avec l\u2019accord pr\u00e9alable des diff\u00e9rents partis \u00ab&nbsp;of course&nbsp;\u00bb).<\/em><\/p>\n\n\n\n<p> <\/p>\n","protected":false},"excerpt":{"rendered":"<p>Cette ann\u00e9e, une campagne avec une brochure unique, mais des produits achemin\u00e9s par 4 bateaux diff\u00e9rents : Vous retrouverez toutes les informations dans notre brochure disponible dans le lien ci-dessous : Le 7 ao\u00fbt Voil\u00e0 une date \u00e0 retenir car c\u2019est celle de&nbsp;la limite de pr\u00e9commande ! Et attention, certains produits sont disponibles en quantit\u00e9s&hellip; <a href=\"https:\/\/lescaboteursdelune.fr\/index.php\/campagne-ete-2025\/\" class=\"more-link\">Lire la suite <span class=\"screen-reader-text\">Campagne \u00e9t\u00e9 2025<\/span><\/a><\/p>\n","protected":false},"author":1,"featured_media":0,"parent":0,"menu_order":0,"comment_status":"closed","ping_status":"closed","template":"","meta":{"footnotes":""},"class_list":["post-1907","page","type-page","status-publish","hentry","without-featured-image"],"yoast_head":"<!-- This site is optimized with the Yoast SEO plugin v21.8.1 - https:\/\/yoast.com\/wordpress\/plugins\/seo\/ -->\n<title>Campagne \u00e9t\u00e9 2025 - Les Caboteurs de Lune<\/title>\n<meta name=\"description\" content=\"Les Caboteurs de Lune association promotion Fret \u00e0 la Voile Noirmoutier Vend\u00e9e\" \/>\n<meta name=\"robots\" content=\"index, follow, max-snippet:-1, max-image-preview:large, max-video-preview:-1\" \/>\n<link rel=\"canonical\" href=\"https:\/\/lescaboteursdelune.fr\/index.php\/campagne-ete-2025\/\" \/>\n<meta property=\"og:locale\" content=\"fr_FR\" \/>\n<meta property=\"og:type\" content=\"article\" \/>\n<meta property=\"og:title\" content=\"Campagne \u00e9t\u00e9 2025 - Les Caboteurs de Lune\" \/>\n<meta property=\"og:description\" content=\"Les Caboteurs de Lune association promotion Fret \u00e0 la Voile Noirmoutier Vend\u00e9e\" \/>\n<meta property=\"og:url\" content=\"https:\/\/lescaboteursdelune.fr\/index.php\/campagne-ete-2025\/\" \/>\n<meta property=\"og:site_name\" content=\"Les Caboteurs de Lune\" \/>\n<meta property=\"article:modified_time\" content=\"2025-07-27T19:49:09+00:00\" \/>\n<meta name=\"twitter:card\" content=\"summary_large_image\" \/>\n<meta name=\"twitter:label1\" content=\"Dur\u00e9e de lecture estim\u00e9e\" \/>\n\t<meta name=\"twitter:data1\" content=\"2 minutes\" \/>\n<script type=\"application\/ld+json\" class=\"yoast-schema-graph\">{\"@context\":\"https:\/\/schema.org\",\"@graph\":[{\"@type\":\"WebPage\",\"@id\":\"https:\/\/lescaboteursdelune.fr\/index.php\/campagne-ete-2025\/\",\"url\":\"https:\/\/lescaboteursdelune.fr\/index.php\/campagne-ete-2025\/\",\"name\":\"Campagne \u00e9t\u00e9 2025 - Les Caboteurs de Lune\",\"isPartOf\":{\"@id\":\"https:\/\/lescaboteursdelune.fr\/#website\"},\"datePublished\":\"2025-07-27T19:07:48+00:00\",\"dateModified\":\"2025-07-27T19:49:09+00:00\",\"description\":\"Les Caboteurs de Lune association promotion Fret \u00e0 la Voile Noirmoutier Vend\u00e9e\",\"breadcrumb\":{\"@id\":\"https:\/\/lescaboteursdelune.fr\/index.php\/campagne-ete-2025\/#breadcrumb\"},\"inLanguage\":\"fr-FR\",\"potentialAction\":[{\"@type\":\"ReadAction\",\"target\":[\"https:\/\/lescaboteursdelune.fr\/index.php\/campagne-ete-2025\/\"]}]},{\"@type\":\"BreadcrumbList\",\"@id\":\"https:\/\/lescaboteursdelune.fr\/index.php\/campagne-ete-2025\/#breadcrumb\",\"itemListElement\":[{\"@type\":\"ListItem\",\"position\":1,\"name\":\"Accueil\",\"item\":\"https:\/\/lescaboteursdelune.fr\/\"},{\"@type\":\"ListItem\",\"position\":2,\"name\":\"Campagne \u00e9t\u00e9 2025\"}]},{\"@type\":\"WebSite\",\"@id\":\"https:\/\/lescaboteursdelune.fr\/#website\",\"url\":\"https:\/\/lescaboteursdelune.fr\/\",\"name\":\"Les Caboteurs de Lune\",\"description\":\"Comptoir de fret \u00e0 la voile\",\"publisher\":{\"@id\":\"https:\/\/lescaboteursdelune.fr\/#organization\"},\"potentialAction\":[{\"@type\":\"SearchAction\",\"target\":{\"@type\":\"EntryPoint\",\"urlTemplate\":\"https:\/\/lescaboteursdelune.fr\/?s={search_term_string}\"},\"query-input\":\"required name=search_term_string\"}],\"inLanguage\":\"fr-FR\"},{\"@type\":\"Organization\",\"@id\":\"https:\/\/lescaboteursdelune.fr\/#organization\",\"name\":\"Les Caboteurs de Lune\",\"url\":\"https:\/\/lescaboteursdelune.fr\/\",\"logo\":{\"@type\":\"ImageObject\",\"inLanguage\":\"fr-FR\",\"@id\":\"https:\/\/lescaboteursdelune.fr\/#\/schema\/logo\/image\/\",\"url\":\"https:\/\/lescaboteursdelune.fr\/wp-content\/uploads\/2018\/07\/logo_caboteur.jpg\",\"contentUrl\":\"https:\/\/lescaboteursdelune.fr\/wp-content\/uploads\/2018\/07\/logo_caboteur.jpg\",\"width\":960,\"height\":960,\"caption\":\"Les Caboteurs de Lune\"},\"image\":{\"@id\":\"https:\/\/lescaboteursdelune.fr\/#\/schema\/logo\/image\/\"}}]}<\/script>\n<!-- \/ Yoast SEO plugin. -->","yoast_head_json":{"title":"Campagne \u00e9t\u00e9 2025 - Les Caboteurs de Lune","description":"Les Caboteurs de Lune association promotion Fret \u00e0 la Voile Noirmoutier Vend\u00e9e","robots":{"index":"index","follow":"follow","max-snippet":"max-snippet:-1","max-image-preview":"max-image-preview:large","max-video-preview":"max-video-preview:-1"},"canonical":"https:\/\/lescaboteursdelune.fr\/index.php\/campagne-ete-2025\/","og_locale":"fr_FR","og_type":"article","og_title":"Campagne \u00e9t\u00e9 2025 - Les Caboteurs de Lune","og_description":"Les Caboteurs de Lune association promotion Fret \u00e0 la Voile Noirmoutier Vend\u00e9e","og_url":"https:\/\/lescaboteursdelune.fr\/index.php\/campagne-ete-2025\/","og_site_name":"Les Caboteurs de Lune","article_modified_time":"2025-07-27T19:49:09+00:00","twitter_card":"summary_large_image","twitter_misc":{"Dur\u00e9e de lecture estim\u00e9e":"2 minutes"},"schema":{"@context":"https:\/\/schema.org","@graph":[{"@type":"WebPage","@id":"https:\/\/lescaboteursdelune.fr\/index.php\/campagne-ete-2025\/","url":"https:\/\/lescaboteursdelune.fr\/index.php\/campagne-ete-2025\/","name":"Campagne \u00e9t\u00e9 2025 - Les Caboteurs de Lune","isPartOf":{"@id":"https:\/\/lescaboteursdelune.fr\/#website"},"datePublished":"2025-07-27T19:07:48+00:00","dateModified":"2025-07-27T19:49:09+00:00","description":"Les Caboteurs de Lune association promotion Fret \u00e0 la Voile Noirmoutier Vend\u00e9e","breadcrumb":{"@id":"https:\/\/lescaboteursdelune.fr\/index.php\/campagne-ete-2025\/#breadcrumb"},"inLanguage":"fr-FR","potentialAction":[{"@type":"ReadAction","target":["https:\/\/lescaboteursdelune.fr\/index.php\/campagne-ete-2025\/"]}]},{"@type":"BreadcrumbList","@id":"https:\/\/lescaboteursdelune.fr\/index.php\/campagne-ete-2025\/#breadcrumb","itemListElement":[{"@type":"ListItem","position":1,"name":"Accueil","item":"https:\/\/lescaboteursdelune.fr\/"},{"@type":"ListItem","position":2,"name":"Campagne \u00e9t\u00e9 2025"}]},{"@type":"WebSite","@id":"https:\/\/lescaboteursdelune.fr\/#website","url":"https:\/\/lescaboteursdelune.fr\/","name":"Les Caboteurs de Lune","description":"Comptoir de fret \u00e0 la voile","publisher":{"@id":"https:\/\/lescaboteursdelune.fr\/#organization"},"potentialAction":[{"@type":"SearchAction","target":{"@type":"EntryPoint","urlTemplate":"https:\/\/lescaboteursdelune.fr\/?s={search_term_string}"},"query-input":"required name=search_term_string"}],"inLanguage":"fr-FR"},{"@type":"Organization","@id":"https:\/\/lescaboteursdelune.fr\/#organization","name":"Les Caboteurs de Lune","url":"https:\/\/lescaboteursdelune.fr\/","logo":{"@type":"ImageObject","inLanguage":"fr-FR","@id":"https:\/\/lescaboteursdelune.fr\/#\/schema\/logo\/image\/","url":"https:\/\/lescaboteursdelune.fr\/wp-content\/uploads\/2018\/07\/logo_caboteur.jpg","contentUrl":"https:\/\/lescaboteursdelune.fr\/wp-content\/uploads\/2018\/07\/logo_caboteur.jpg","width":960,"height":960,"caption":"Les Caboteurs de Lune"},"image":{"@id":"https:\/\/lescaboteursdelune.fr\/#\/schema\/logo\/image\/"}}]}},"_links":{"self":[{"href":"https:\/\/lescaboteursdelune.fr\/index.php\/wp-json\/wp\/v2\/pages\/1907","targetHints":{"allow":["GET"]}}],"collection":[{"href":"https:\/\/lescaboteursdelune.fr\/index.php\/wp-json\/wp\/v2\/pages"}],"about":[{"href":"https:\/\/lescaboteursdelune.fr\/index.php\/wp-json\/wp\/v2\/types\/page"}],"author":[{"embeddable":true,"href":"https:\/\/lescaboteursdelune.fr\/index.php\/wp-json\/wp\/v2\/users\/1"}],"replies":[{"embeddable":true,"href":"https:\/\/lescaboteursdelune.fr\/index.php\/wp-json\/wp\/v2\/comments?post=1907"}],"version-history":[{"count":3,"href":"https:\/\/lescaboteursdelune.fr\/index.php\/wp-json\/wp\/v2\/pages\/1907\/revisions"}],"predecessor-version":[{"id":1913,"href":"https:\/\/lescaboteursdelune.fr\/index.php\/wp-json\/wp\/v2\/pages\/1907\/revisions\/1913"}],"wp:attachment":[{"href":"https:\/\/lescaboteursdelune.fr\/index.php\/wp-json\/wp\/v2\/media?parent=1907"}],"curies":[{"name":"wp","href":"https:\/\/api.w.org\/{rel}","templated":true}]}}